{"id":13,"date":"2018-11-08T10:29:52","date_gmt":"2018-11-08T09:29:52","guid":{"rendered":"https:\/\/www.operationgaufres.be\/?page_id=13"},"modified":"2024-12-03T13:42:12","modified_gmt":"2024-12-03T12:42:12","slug":"le-reseau","status":"publish","type":"page","link":"https:\/\/www.operationgaufres.be\/index.php\/le-reseau\/","title":{"rendered":"Le r\u00e9seau"},"content":{"rendered":"<p class=\"_2cuy _3dgx _2vxa\"><span class=\"_4yxo\"><strong>HAUT REGARD<\/strong><\/span><\/p>\n<p><img loading=\"lazy\" decoding=\"async\" class=\"alignnone  wp-image-292\" src=\"https:\/\/www.operationgaufres.be\/wp-content\/uploads\/2022\/01\/logo-2019-300x103.jpg\" alt=\"\" width=\"224\" height=\"77\" srcset=\"https:\/\/www.operationgaufres.be\/wp-content\/uploads\/2022\/01\/logo-2019-300x103.jpg 300w, https:\/\/www.operationgaufres.be\/wp-content\/uploads\/2022\/01\/logo-2019.jpg 440w\" sizes=\"auto, (max-width: 224px) 100vw, 224px\" \/><\/p>\n<p>Service r\u00e9sidentiel et d\u2019accueil de jour pour personnes adultes pr\u00e9sentant une d\u00e9ficience intellectuelle, Haut-Regard accompagne les personnes dans leur projet individuel (recherche d\u2019int\u00e9grations professionnelles, d\u2019activit\u00e9s citoyennes, de sports et de loisirs) et organise des activit\u00e9s collectives (ateliers d\u2019utilit\u00e9 sociale et de d\u00e9tente)<\/p>\n<p>Les b\u00e9n\u00e9fices de l\u2019Op\u00e9ration gaufres 2022 seront principalement d\u00e9di\u00e9s \u00e0 plusieurs travaux de r\u00e9novations au service r\u00e9sidentiel et au service d&rsquo;accueil de jour: remplacement de portes (cuisine, r\u00e9serve) et rafra\u00eechissement de 2 chambres (tapis, peintures, sanitaires).<\/p>\n<p class=\"_2cuy _3dgx _2vxa\">rue de Huy, 103 \u00e0 4300 Waremme \u2013 T\u00e9l. 019 32 87 08<br \/>\nCpte \u00abHaut Regard\u00bb BE06 1967 3401 5122<br \/>\nCourriel : <a href=\"mailto:direction@haut-regard.org\">direction@haut-regard.org<\/a><br \/>\nSite internet : <a href=\"http:\/\/www.haut-regard.org\/?fbclid=IwAR1WgdnM8cHgmpygFSyJqezJQa-Ha4i5a-mLATb1skt7ESymxRoJmGo-1rk\" target=\"_blank\" rel=\"noopener nofollow noreferrer\" data-lynx-mode=\"asynclazy\" data-lynx-uri=\"https:\/\/l.facebook.com\/l.php?u=http%3A%2F%2Fwww.haut-regard.org%2F%3Ffbclid%3DIwAR1WgdnM8cHgmpygFSyJqezJQa-Ha4i5a-mLATb1skt7ESymxRoJmGo-1rk&amp;h=AT2Jm7YfevHS2I8RHHJVoLt65ck-9ohTUTHKN6qgDeJ1VuNR07ZSGxAWGvO2Zng-SLmWUG8LgOAgFxosz_OSQnpM8Exaknwn9nFZTkjsqMXpj2wnIgHDlgY_teCASWKxPz0\">www.haut-regard.org<\/a> &#8211; <a href=\"https:\/\/www.facebook.com\/hautregard.asbl\">www.facebook.com\/hautregard.asbl<\/a><\/p>\n<hr \/>\n<p class=\"_2cuy _3dgx _2vxa\"><span class=\"_4yxo\"><strong>L\u2019ARCHE AYWAILLE<br \/>\n<\/strong><\/span><\/p>\n<p><img loading=\"lazy\" decoding=\"async\" class=\"alignnone  wp-image-295\" src=\"https:\/\/www.operationgaufres.be\/wp-content\/uploads\/2022\/01\/Sans-titre-1-e1641985394691-300x293.png\" alt=\"\" width=\"135\" height=\"132\" srcset=\"https:\/\/www.operationgaufres.be\/wp-content\/uploads\/2022\/01\/Sans-titre-1-e1641985394691-300x293.png 300w, https:\/\/www.operationgaufres.be\/wp-content\/uploads\/2022\/01\/Sans-titre-1-e1641985394691.png 408w\" sizes=\"auto, (max-width: 135px) 100vw, 135px\" \/><\/p>\n<p class=\"_2cuy _3dgx _2vxa\">Accueil et h\u00e9bergement de 40 personnes adultes atteintes d\u2019un handicap mental. L\u2019ASBL se compose de cinq foyers \u2013 \u00able Murmure, l\u2019Esp\u00e9rance, la Maison-n\u00e9e, la Mancelle et le Fil de l\u2019eau\u00bb et d\u2019un Service d\u2019Accueil de Jour \u00able S\u00e9nev\u00e9\u00bb.<\/p>\n<p class=\"_2cuy _3dgx _2vxa\">rue Mathieu Carpentier, 80 \u00e0 4920 Aywaille \u2013 T\u00e9l\/Fax. 04 384 31 43<br \/>\nCpte \u00abArche d\u2019Aywaille\u00bb BE94 8333 0486 6014<br \/>\nCourriel : <a href=\"mailto:direction.aywaille@larche.be\">direction.aywaille@larche.be<\/a><\/p>\n<hr \/>\n<p class=\"_2cuy _3dgx _2vxa\"><span class=\"_4yxo\"><strong>L\u2019ARCHE NAMUR-BIERGES<\/strong><\/span><\/p>\n<p><img loading=\"lazy\" decoding=\"async\" class=\"alignnone  wp-image-294\" src=\"https:\/\/www.operationgaufres.be\/wp-content\/uploads\/2022\/01\/Sans-titre-e1641985346436-300x296.png\" alt=\"\" width=\"133\" height=\"131\" srcset=\"https:\/\/www.operationgaufres.be\/wp-content\/uploads\/2022\/01\/Sans-titre-e1641985346436-300x296.png 300w, https:\/\/www.operationgaufres.be\/wp-content\/uploads\/2022\/01\/Sans-titre-e1641985346436.png 406w\" sizes=\"auto, (max-width: 133px) 100vw, 133px\" \/><\/p>\n<p class=\"_2cuy _3dgx _2vxa\">Accueille 32 personnes porteuses d\u2019un handicap mental dans une ambiance familiale au sein de 2 foyers d\u2019h\u00e9bergement \u00abBARTRES\u00bb et \u00abLE TOURNESOL\u00bb, d\u2019un SAJA \u00abLE LUM\u2019\u00e7on\u00bb qui propose des activit\u00e9s de valorisation sociale et d\u2019un SLS \u00ab L\u2019ENVOLEE \u00bb qui permet \u00e0 2 personnes de vivre un projet de vie autonome.<\/p>\n<p class=\"_2cuy _3dgx _2vxa\">Chauss\u00e9e de Charleroi, 145 \u00e0 5000 Namur \u2013 T\u00e9l. 081 22 13 22<br \/>\nCpte : BE63 0682 0811 1608<br \/>\nCourriel : <a href=\"mailto:secretariat.namur@larche.be\">secretariat.namur@larche.be<\/a><\/p>\n<hr \/>\n<p class=\"_2cuy _3dgx _2vxa\"><span class=\"_4yxo\"><strong>L\u2019ENTRE D\u2019EUX\u00a0 S.R.A.<\/strong><\/span><\/p>\n<p><img loading=\"lazy\" decoding=\"async\" class=\"alignnone  wp-image-327\" src=\"https:\/\/www.operationgaufres.be\/wp-content\/uploads\/2022\/11\/274107217_452281639923668_2777510980189271025_n-300x224.jpg\" alt=\"\" width=\"236\" height=\"176\" srcset=\"https:\/\/www.operationgaufres.be\/wp-content\/uploads\/2022\/11\/274107217_452281639923668_2777510980189271025_n-300x224.jpg 300w, https:\/\/www.operationgaufres.be\/wp-content\/uploads\/2022\/11\/274107217_452281639923668_2777510980189271025_n-1024x764.jpg 1024w, https:\/\/www.operationgaufres.be\/wp-content\/uploads\/2022\/11\/274107217_452281639923668_2777510980189271025_n-768x573.jpg 768w, https:\/\/www.operationgaufres.be\/wp-content\/uploads\/2022\/11\/274107217_452281639923668_2777510980189271025_n-1536x1146.jpg 1536w, https:\/\/www.operationgaufres.be\/wp-content\/uploads\/2022\/11\/274107217_452281639923668_2777510980189271025_n.jpg 2048w\" sizes=\"auto, (max-width: 236px) 100vw, 236px\" \/><\/p>\n<p class=\"_2cuy _3dgx _2vxa\">Service r\u00e9sidentiel accueillant 28 adultes pr\u00e9sentant une d\u00e9ficience intellectuelle avec troubles psychiatriques associ\u00e9s ou non. Le service offre au r\u00e9sident, une approche active ax\u00e9e sur un accompagnement pluridisciplinaire, lui permettant de maintenir ou d\u2019accro\u00eetre son bien-\u00eatre et ses comp\u00e9tences personnelles.<\/p>\n<p class=\"_2cuy _3dgx _2vxa\">Thier des Raves, 2 \u00e0 4550 Nandrin T\u00e9l. : 085 51 19 80<br \/>\nCpte : BE42 0017 9980 1654<br \/>\nCourriel : <a href=\"mailto:info@lentredeuxnandrin.be\">info@lentredeuxnandrin.be<\/a><\/p>\n<hr \/>\n<p class=\"_2cuy _3dgx _2vxa\"><span class=\"_4yxo\"><strong>LE BERCAIL<\/strong><\/span><\/p>\n<p><span class=\"_4yxo\"><strong><img loading=\"lazy\" decoding=\"async\" class=\"alignnone  wp-image-238\" src=\"https:\/\/www.operationgaufres.be\/wp-content\/uploads\/2020\/02\/LeBercail_LogoH_CMJNPositif-300x78.jpg\" alt=\"\" width=\"212\" height=\"55\" srcset=\"https:\/\/www.operationgaufres.be\/wp-content\/uploads\/2020\/02\/LeBercail_LogoH_CMJNPositif-300x78.jpg 300w, https:\/\/www.operationgaufres.be\/wp-content\/uploads\/2020\/02\/LeBercail_LogoH_CMJNPositif-768x200.jpg 768w, https:\/\/www.operationgaufres.be\/wp-content\/uploads\/2020\/02\/LeBercail_LogoH_CMJNPositif.jpg 800w\" sizes=\"auto, (max-width: 212px) 100vw, 212px\" \/><\/strong><\/span><\/p>\n<p class=\"_2cuy _3dgx _2vxa\">Ouvert en 1980, notre service r\u00e9sidentiel accueille une quarantaine de personnes en situation de handicap en 4 groupes de vie et un ensemble de studios d\u00e9nomm\u00e9 la Bonne \u00c9toile.<\/p>\n<p class=\"_2cuy _3dgx _2vxa\">Rue Saint-Nicolas, 554 \u00e0 4000 Li\u00e8ge \u2013 T\u00e9l. 04 224 75 30<br \/>\nCpte \u00abLe Bercail\u00bb BE31 0882 0960 3655<br \/>\nCourriel : <a href=\"mailto:direction.bercail@gmail.com\">direction.bercail@gmail.com<\/a><\/p>\n<p class=\"_2cuy _3dgx _2vxa\"><strong><span class=\"_4yxo\">LI BRICOLEU <\/span><\/strong><\/p>\n<p class=\"_2cuy _3dgx _2vxa\">Li Bricoleu accueille en journ\u00e9e, du lundi au vendredi, une quarantaine de personnes en situation de handicap. Il propose diverses activit\u00e9s artistiques, de bien-\u00eatre, de loisirs et d\u2019utilit\u00e9 sociale dont le magasin de seconde main \u00ables Cant\u2019chas\u00bb.<\/p>\n<p class=\"_2cuy _3dgx _2vxa\">Place Delcour, 7 \u00e0 4020 Li\u00e8ge \u2013 T\u00e9l. 04 344 37 74<br \/>\nCpte \u00abLi Bricoleu\u00bb BE20 0882 0744 0656<br \/>\nCourriel : <a href=\"mailto:bricoleu.bercail@gmail.com\">bricoleu.bercail@gmail.com<\/a><\/p>\n<hr \/>\n<p class=\"_2cuy _3dgx _2vxa\"><span class=\"_4yxo\"><strong>LES SERVICES DE L\u2019APEM-T21<\/strong><\/span><\/p>\n<p><img loading=\"lazy\" decoding=\"async\" class=\"alignnone  wp-image-297\" src=\"https:\/\/www.operationgaufres.be\/wp-content\/uploads\/2022\/01\/logo-horizontal-300x118.png\" alt=\"\" width=\"224\" height=\"88\" srcset=\"https:\/\/www.operationgaufres.be\/wp-content\/uploads\/2022\/01\/logo-horizontal-300x118.png 300w, https:\/\/www.operationgaufres.be\/wp-content\/uploads\/2022\/01\/logo-horizontal-1024x402.png 1024w, https:\/\/www.operationgaufres.be\/wp-content\/uploads\/2022\/01\/logo-horizontal-768x301.png 768w, https:\/\/www.operationgaufres.be\/wp-content\/uploads\/2022\/01\/logo-horizontal.png 1401w\" sizes=\"auto, (max-width: 224px) 100vw, 224px\" \/><\/p>\n<p>L\u2019Asbl <strong>Les Services de l\u2019APEM-T21<\/strong><em>,<\/em>\u00a0avec pr\u00e8s de 50\u00a0 ans d\u2019exp\u00e9rience, rassemble aujourd\u2019hui <strong>10 services qui<\/strong> ont pour objectif d\u2019apporter des r\u00e9ponses et un <strong>accompagnement adapt\u00e9s<\/strong> aux besoins des personnes avec une trisomie 21 ou autres syndromes g\u00e9n\u00e9tiques assimil\u00e9s, de la naissance \u00e0 la fin de vie. En moyenne, ce sont pr\u00e8s de <strong>250 familles<\/strong> tous services confondus qui sont accompagn\u00e9es par les quelques 84 professionnels de l\u2019Asbl. Dans le contexte actuel particuli\u00e8rement ins\u00e9curisant pour tout le secteur associatif mais aussi face au besoin urgent de r\u00e9novation de nos infrastructures \u00ab\u00a0vieillissantes\u00a0\u00bb, l\u2019Asbl doit diversifier ses ressources pour \u00eatre en mesure de poursuivre ses missions sociales et maintenir un accompagnement de qualit\u00e9 aupr\u00e8s de ses b\u00e9n\u00e9ficiaires. C\u2019est pourquoi l\u2019Op\u00e9ration Gaufres est essentielle\u00a0!<\/p>\n<p class=\"_2cuy _3dgx _2vxa\">rue Victor Close, 41 \u00e0 4800 VERVIERS \u2013 Tel 087\/22.33.55<br \/>\nCpte BE51 7805 9266 5262<br \/>\nCourriel : <a href=\"mailto:services@apemt21.org\">services@apemt21.org<\/a> &#8211; Site internet : <a href=\"http:\/\/www.apemt21.org\" target=\"_blank\" rel=\"noopener nofollow noreferrer\" data-lynx-mode=\"asynclazy\">www.apemt21.org<\/a> &#8211; <a href=\"https:\/\/www.facebook.com\/ServicesdelApemT21\">Facebook<\/a><\/p>\n<hr \/>\n<p class=\"_2cuy _3dgx _2vxa\"><span class=\"_4yxo\"><strong>NOTRE MAISON<\/strong><\/span><\/p>\n<p><img loading=\"lazy\" decoding=\"async\" class=\"alignnone size-medium wp-image-325\" src=\"https:\/\/www.operationgaufres.be\/wp-content\/uploads\/2022\/11\/cropped-Image3-300x113.webp\" alt=\"\" width=\"300\" height=\"113\" srcset=\"https:\/\/www.operationgaufres.be\/wp-content\/uploads\/2022\/11\/cropped-Image3-300x113.webp 300w, https:\/\/www.operationgaufres.be\/wp-content\/uploads\/2022\/11\/cropped-Image3.webp 460w\" sizes=\"auto, (max-width: 300px) 100vw, 300px\" \/><\/p>\n<p class=\"_2cuy _3dgx _2vxa\">Accueille dans son service r\u00e9sidentiel de nuit (17 pl.) et au sein de ses appartements supervis\u00e9s (10 pl.) des personnes en situation de handicap mental l\u00e9g\u00e8re ou mod\u00e9r\u00e9e. Une de nos priorit\u00e9s : l\u2019int\u00e9gration sociale et professionnelle de nos r\u00e9sidents.<\/p>\n<p class=\"_2cuy _3dgx _2vxa\">Ch. De Tirlemont, 60 \u00e0 1370 Jodoigne \u2013 T\u00e9l. 010 81 31 74<br \/>\nCpte \u00abNotre Maison\u00bb BE79 1030 6313 3833<br \/>\nCourriel : <a href=\"mailto:srna@notremaisonasbl.be\">srna@notremaisonasbl.be<\/a> &#8211; Site internet : <a href=\"https:\/\/www.facebook.com\/asbl.notremaison\">www.facebook.com\/asbl.notremaison<\/a><\/p>\n<p class=\"_2cuy _3dgx _2vxa\"><span class=\"_4yxo\"><strong>\u00a0<\/strong><\/span><\/p>\n<hr \/>\n<p class=\"_2cuy _3dgx _2vxa\"><span class=\"_4yxo\"><strong>PARTAGE<\/strong><\/span><\/p>\n<p>En 1986, un groupe de parents et d\u2019amis de personnes en situation de handicap a suscit\u00e9 un \u00e9lan de solidarit\u00e9. Ainsi, naissait l\u2019Asbl PARTAGE, bien d\u00e9cid\u00e9e \u00e0 soutenir financi\u00e8rement deux associations de la r\u00e9gion de Mons.\u00a0 <u>Aussi, le b\u00e9n\u00e9fice de l&rsquo;Op\u00e9ration<\/u> <u>Gaufres est r\u00e9parti entre:<\/u><\/p>\n<p><strong>INCLUSION MONS BORINAGE<\/strong>, association belge francophone qui rassemble des personnes avec un handicap intellectuel, leurs proches et des professionnels. Elle promeut leur qualit\u00e9 de vie et leurs droits.\u00a0 Elle emploie une assistante sociale et \u00a0organise bisannuellement une exposition\u00a0 d&rsquo;\u0153uvres r\u00e9alis\u00e9es par des personnes en situation de handicap.<br \/>\n<em>Contact :<\/em> route d&rsquo;Obourg, 142 B \u00e0 7000 Mons.<\/p>\n<p><strong>L\u2019ASBL \u00ab\u00a0LE FOYER\u00a0\u00bb et son SRNA \u00e0 Saint-Ghislain<\/strong>, h\u00e9bergement de type familial pouvant accueillir 12 adultes porteuses d\u2019un handicap mental. Il a \u00e9t\u00e9 ouvert en 1994 et est partiellement subventionn\u00e9 par l\u2019AVIQ.<u><br \/>\n<\/u><em>Si\u00e8ge social :<\/em> rue d\u2019Harmignies, 4a \u00e0 7032 Spiennes.<br \/>\n<em>Service R\u00e9sidentiel de Nuit (SRNA):<\/em> rue de l\u2019Abattoir, 1\/3 \u00e0 7330 Saint-Ghislain.<\/p>\n<p class=\"_2cuy _3dgx _2vxa\">rue Saint-Amand, 2 \u00e0 7032 Spiennes \u2013 T\u00e9l. 065 35 14 82<br \/>\nCpte \u00abAsbl Partage\u00bb BE97 0012 8160 7749<br \/>\nCourriel : <a href=\"nicole.dhaevers@gmail.com\">nicole.dhaevers@gmail.com<\/a><\/p>\n<hr \/>\n<p class=\"_2cuy _3dgx _2vxa\"><span class=\"_4yxo\"><strong>LES GRILLONS<br \/>\n<\/strong><\/span><\/p>\n<p><img loading=\"lazy\" decoding=\"async\" class=\"alignnone size-full wp-image-377\" src=\"https:\/\/www.operationgaufres.be\/wp-content\/uploads\/2024\/11\/image.png\" alt=\"\" width=\"130\" height=\"146\" \/><\/p>\n<p class=\"_2cuy _3dgx _2vxa\">L&rsquo;ASBL les Grillons est un lieu d&rsquo;accompagnement de\u00a0 jour pour adultes en situation de d\u00e9ficience intellectuelle. Elle propose des activit\u00e9s adapt\u00e9es visant l&rsquo;\u00e9veil social et culturel, ainsi que l&rsquo;apprentissage et l\u2019autonomie afin de r\u00e9pondre aux besoins sp\u00e9cifiques d&rsquo;inclusion du b\u00e9n\u00e9ficiaire, citoyen dans notre soci\u00e9t\u00e9.<\/p>\n<p><u>Pour commander <\/u>: Chef \u00e9ducateur Jean-Yves Gob : <a href=\"mailto:chef-educateur@lesgrillons.be\">chef-educateur@lesgrillons.be<\/a> &#8211; 04\/229.46.33<\/p>\n<p>Rue Ch\u00e8vremont 35 \u00e0 4051 Chaudfontaine \u2013 T\u00e9l. 04\/367.03.32<br \/>\nCpte \u00abNotre Maison\u00bb BE79 1030 6313 3833<br \/>\nCourriel : <a href=\"mailto:direction@lesgrillons.be\">direction@lesgrillons.be<\/a> &#8211; Site internet : <a href=\"https:\/\/www.lesgrillons.be\/\" target=\"_blank\" rel=\"noopener nofollow noreferrer\" data-lynx-mode=\"asynclazy\">www.lesgrillons.be<\/a><\/p>\n<hr \/>\n<p><strong>HEBERLIE<\/strong><\/p>\n<p><img loading=\"lazy\" decoding=\"async\" class=\"alignnone size-medium wp-image-384\" src=\"https:\/\/www.operationgaufres.be\/wp-content\/uploads\/2024\/11\/Herbelie-centre-hebergement-personnes-handicapees-Liege-1024x469-1-e1732182574691-300x141.png\" alt=\"\" width=\"300\" height=\"141\" srcset=\"https:\/\/www.operationgaufres.be\/wp-content\/uploads\/2024\/11\/Herbelie-centre-hebergement-personnes-handicapees-Liege-1024x469-1-e1732182574691-300x141.png 300w, https:\/\/www.operationgaufres.be\/wp-content\/uploads\/2024\/11\/Herbelie-centre-hebergement-personnes-handicapees-Liege-1024x469-1-e1732182574691-768x361.png 768w, https:\/\/www.operationgaufres.be\/wp-content\/uploads\/2024\/11\/Herbelie-centre-hebergement-personnes-handicapees-Liege-1024x469-1-e1732182574691.png 839w\" sizes=\"auto, (max-width: 300px) 100vw, 300px\" \/><br \/>\nL&rsquo;asbl HEBERLIE est situ\u00e9e dans les hauteurs de Li\u00e8ge proche de toutes commodit\u00e9s. La structure est agr\u00e9\u00e9 par l\u2019A.V.I.Q. pour l\u2019accueil de 50 personnes\u00a0 en situation d\u2019handicap. Cependant notre action porte sur des personnes adultes pr\u00e9sentant principalement des handicaps mentaux l\u00e9ger, mod\u00e9r\u00e9 ou s\u00e9v\u00e8re, \u00e9ventuellement associ\u00e9s \u00e0 des troubles psychiatriques et\/ou neurologiques.<\/p>\n<p>Rue Ferdinand Nicolay 504 \u00e0 4420 SAINT-NICOLAS \u2013 T\u00e9l. 04\/235.71.81<br \/>\nCpte\u00a0:<br \/>\nCourriel\u00a0: <a href=\"mailto:info@heberlie.be\">info@heberlie.be<\/a> \u2013 Site internet\u00a0: <a href=\"http:\/\/www.heberlie.be\">www.heberlie.be<\/a><\/p>\n<hr \/>\n<p><strong>LES CHANTERELLES<\/strong><\/p>\n<p><img loading=\"lazy\" decoding=\"async\" class=\"size-full wp-image-388 alignnone\" src=\"https:\/\/www.operationgaufres.be\/wp-content\/uploads\/2024\/12\/cropped-cropped-27002136216_c6b6633a80_m-4.jpg\" alt=\"\" width=\"240\" height=\"207\" \/><\/p>\n<p>L\u2019asbl Les Chanterelles, cr\u00e9\u00e9e en 1978 et pionni\u00e8re dans l\u2019accompagnement des personnes en situation de handicap, offre trois types de services : l\u2019accueil familial (41 pers.) qui accompagne enfants accueillis et familles ; le service d\u2019accompagnement (49 pers.) pour adultes vivant en autonomie ; et un service r\u00e9sidentiel (11 pl.) pour les adultes n\u00e9cessitant un encadrement continu. Nous privil\u00e9gions l\u2019\u00e9coute, la co-cr\u00e9ation et l\u2019innovation pour promouvoir leur \u00e9panouissement.<\/p>\n<p>Rue du Pairay, 87 \u00e0 4100 Seraing &#8211; T\u00e9l : 04\/338.13.87<br \/>\nCpte\u00a0: BE08 2400 7824 1113<br \/>\nCourriel\u00a0: <a href=\"mailto:direction@chanterelles.be\">direction@chanterelles.be <\/a>&#8211; site internet : <a href=\"https:\/\/chanterelles.be\/\">www.chanterelles.be<\/a><\/p>\n","protected":false},"excerpt":{"rendered":"<p>HAUT REGARD Service r\u00e9sidentiel et d\u2019accueil de jour pour personnes adultes pr\u00e9sentant une d\u00e9ficience intellectuelle, Haut-Regard accompagne les personnes dans leur projet individuel (recherche d\u2019int\u00e9grations professionnelles, d\u2019activit\u00e9s citoyennes, de sports et de loisirs) et organise des activit\u00e9s collectives (ateliers d\u2019utilit\u00e9 sociale et de d\u00e9tente) Les b\u00e9n\u00e9fices de l\u2019Op\u00e9ration gaufres 2022 seront principalement d\u00e9di\u00e9s \u00e0 plusieurs [&hellip;]<\/p>\n","protected":false},"author":1,"featured_media":179,"parent":0,"menu_order":0,"comment_status":"closed","ping_status":"closed","template":"","meta":{"footnotes":""},"class_list":["post-13","page","type-page","status-publish","has-post-thumbnail","czr-hentry"],"_links":{"self":[{"href":"https:\/\/www.operationgaufres.be\/index.php\/wp-json\/wp\/v2\/pages\/13","targetHints":{"allow":["GET"]}}],"collection":[{"href":"https:\/\/www.operationgaufres.be\/index.php\/wp-json\/wp\/v2\/pages"}],"about":[{"href":"https:\/\/www.operationgaufres.be\/index.php\/wp-json\/wp\/v2\/types\/page"}],"author":[{"embeddable":true,"href":"https:\/\/www.operationgaufres.be\/index.php\/wp-json\/wp\/v2\/users\/1"}],"replies":[{"embeddable":true,"href":"https:\/\/www.operationgaufres.be\/index.php\/wp-json\/wp\/v2\/comments?post=13"}],"version-history":[{"count":25,"href":"https:\/\/www.operationgaufres.be\/index.php\/wp-json\/wp\/v2\/pages\/13\/revisions"}],"predecessor-version":[{"id":389,"href":"https:\/\/www.operationgaufres.be\/index.php\/wp-json\/wp\/v2\/pages\/13\/revisions\/389"}],"wp:featuredmedia":[{"embeddable":true,"href":"https:\/\/www.operationgaufres.be\/index.php\/wp-json\/wp\/v2\/media\/179"}],"wp:attachment":[{"href":"https:\/\/www.operationgaufres.be\/index.php\/wp-json\/wp\/v2\/media?parent=13"}],"curies":[{"name":"wp","href":"https:\/\/api.w.org\/{rel}","templated":true}]}}